{"id":612,"date":"2017-02-09T09:53:06","date_gmt":"2017-02-09T08:53:06","guid":{"rendered":"https:\/\/ordredemaltesuisse.org\/\/history\/"},"modified":"2017-05-31T10:57:34","modified_gmt":"2017-05-31T08:57:34","slug":"geschichte","status":"publish","type":"page","link":"https:\/\/ordredemaltesuisse.org\/de\/geschichte\/","title":{"rendered":"Geschichte"},"content":{"rendered":"<div class=\"main-block-wrapper clearfix\">\n<p><a class=\"img-link-wrapper\" href=\"seit-1048?lang=de\"><img decoding=\"async\" src=\"https:\/\/www.orderofmalta.int\/wp-content\/themes\/CalvalieriMalta\/images\/page-images\/history_00.jpg\" \/><\/a><\/p>\n<h5><a href=\"seit-1048?lang=de\">960 Jahre Geschichte<\/a><\/h5>\n<div>\n<p>Die Gr\u00fcndung des Ordens geht auf das Jahr 1048 zur\u00fcck. Kaufleute aus der alten Seerepublik Amalfi erhielten damals vom Kalifen von \u00c4gypten die Genehmigung, in Jerusalem eine Kirche, ein Konvent und ein Hospital zu errichten, um Pilgern, ohne Unterschied des Glaubens und der Rasse, Schutz und Obdach gew\u00e4hren zu k\u00f6nnen. Der Orden vom Hl.<\/p>\n<p>Johannes zu Jerusalem \u2013 die Klostergemeinschaft, die mit der Leitung des Hospitals betraut wurde \u2013 erlangt unter der Leitung des Seligen Bruder Gerhard die Unabh\u00e4ngigkeit. Mit der Bulle vom 15. Februar 1113 stellt Papst Paschalis II. das Hospital unter den Schutz der Kirche, mit dem Recht, sich seine Leitung frei zu w\u00e4hlen, unabh\u00e4ngig von religi\u00f6sen oder sonstigen Laienautorit\u00e4ten. Durch die Bulle erh\u00e4lt das Hospital den Status eines religi\u00f6sen Laienordens. Die Ritter sind Religiose, verpflichtet durch die drei monastischen Gel\u00fcbde der Armut, der Enthaltsamkeit und des Gehorsams.<\/p>\n<p>Mit der Gr\u00fcndung des K\u00f6nigreiches von Jerusalem w\u00e4chst dem Orden die Aufgabe des milit\u00e4rischen Schutzes der Kranken und Pilger sowie der eigenen medizinischen Versorgungszentren und wichtigsten Verkehrsverbindungen zu. Neben dem Hospitaldienst \u00fcbernimmt der Orden die Aufgabe der Verteidigung des Glaubens. In der Folge nimmt der Orden das achtspitzige wei\u00dfe Kreuz an, das bis auf den heutigen Tag sein Emblem geblieben ist.\n<\/p><\/div>\n<\/div>\n<p>&nbsp;<\/p>\n<p>&nbsp;<\/p>\n<ul class=\"clearfix\">\n<div id=\"81387\" class=\"panel \">\n<div class=\"panel-head\">\n                <a onClick=\"open_accordion(81387);\"><br \/>\n                  <b>1048 Jerusalem<\/b><br \/>\n                <\/a>\n              <\/div>\n<div class=\"panel-body\">\n<p><p><img loading=\"lazy\" decoding=\"async\" src=\"https:\/\/www.orderofmalta.int\/wp-content\/uploads\/2015\/11\/history_1048_051.jpg\" alt=\"history_1048_05\" width=\"800\" height=\"470\" class=\"alignleft size-full wp-image-82398\" \/>Die Gr\u00fcndung des Ordens geht auf das Jahr 1048 zur\u00fcck. Kaufleute aus der alten Seerepublik Amalfi erhielten damals vom Kalifen von \u00c4gypten die Genehmigung, in Jerusalem eine Kirche, ein Konvent und ein Hospital zu errichten, um Pilgern, ohne Unterschied des Glaubens und der Rasse, Schutz und Obdach gew\u00e4hren zu k\u00f6nnen. Der Orden vom Hl. <\/p>\n<p>Johannes zu Jerusalem \u2013 die Klostergemeinschaft, die mit der Leitung des Hospitals betraut wurde \u2013 erlangt unter der Leitung des Seligen Bruder Gerhard die Unabh\u00e4ngigkeit. Mit der Bulle vom 15. Februar 1113 stellt Papst Paschalis II. <\/p>\n<p>Das Hospital unter den Schutz der Kirche, mit dem Recht, sich seine Leitung frei zu w\u00e4hlen, unabh\u00e4ngig von religi\u00f6sen oder sonstigen Laienautorit\u00e4ten. Durch die Bulle erh\u00e4lt das Hospital den Status eines religi\u00f6sen Laienordens. Die Ritter sind Religiose, verpflichtet durch die drei monastischen Gel\u00fcbde der Armut, der Enthaltsamkeit und des Gehorsams.<\/p>\n<p>Mit der Gr\u00fcndung des K\u00f6nigreiches von Jerusalem w\u00e4chst dem Orden die Aufgabe des milit\u00e4rischen Schutzes der Kranken und Pilger sowie der eigenen medizinischen Versorgungszentren und wichtigsten Verkehrsverbindungen zu.<\/p>\n<p>Neben dem Hospitaldienst \u00fcbernimmt der Orden die Aufgabe der Verteidigung des Glaubens. In der Folge nimmt der Orden das achtspitzige wei\u00dfe Kreuz an, das bis auf den heutigen Tag sein Emblem geblieben ist.<\/p>\n<\/p><\/div>\n<\/p><\/div>\n<div id=\"81390\" class=\"panel \">\n<div class=\"panel-head\">\n                <a onClick=\"open_accordion(81390);\"><br \/>\n                  <b>1291 Zypern<\/b><br \/>\n                <\/a>\n              <\/div>\n<div class=\"panel-body\">\n<p><p><img loading=\"lazy\" decoding=\"async\" src=\"https:\/\/www.orderofmalta.int\/wp-content\/uploads\/2015\/11\/history_081.jpg\" alt=\"history_08\" width=\"800\" height=\"470\" class=\"alignleft size-full wp-image-82401\" \/>Nach dem Fall von Akkon im Jahr 1291 und dem Verlust des Heiligen Landes, verlegt der Hospitalorden vom Hl. Johannes seinen Sitz und das Hospital nach Limassol, auf der Insel Zypern, wo der Orden dank gro\u00dfer Besitzungen, Privilegien und Handelsrechten schon seit 1210 pr\u00e4sent war. <\/p>\n<p>Seiner Hospital-Mission treu, gr\u00fcndet der Orden hier weitere Hospit\u00e4ler und baut, beg\u00fcnstigt durch die strategisch g\u00fcnstige Lage der Insel, eine Flotte zum Schutz der Pilger auf ihrem Weg in das Heilige Land. Die Zahl der Mitglieder aus ganz Europa nimmt kontinuierlich zu und tr\u00e4gt so zur St\u00e4rkung des Ordens bei, der an den K\u00fcsten des Mittelmeeres weitere Besitzungen hinzugewinnt.<\/p>\n<p>Die zunehmend schwieriger werdende Lage auf Zypern, die eine weitere Expansion nicht zulie\u00df, n\u00f6tigt die Hospitaliers die Insel Rhodos als auf die Dauer geeigneteren Sitz f\u00fcr den Orden des Hl. Johannes in Betracht zu ziehen. Darunter den wichtigen Hafen von Famagusta, die Stadt Nicosia und zahlreiche Kommenden.<\/p>\n<p>F\u00fcr die Leitung der Priorate und Kommenden (\u00fcber 60 noch im Jahr 1374) bleiben  Statthalter f\u00fcr ein weiteres Jahrhundert auf Zypern stationiert, bis Mitte des 15. Jahrhunderts an den Sitz des Konvents auf Rhodos zur\u00fcckbeordert werden.<\/p>\n<\/p><\/div>\n<\/p><\/div>\n<div id=\"81395\" class=\"panel \">\n<div class=\"panel-head\">\n                <a onClick=\"open_accordion(81395);\"><br \/>\n                  <b>1310 auf Rhodos<\/b><br \/>\n                <\/a>\n              <\/div>\n<div class=\"panel-body\">\n<p><p><img loading=\"lazy\" decoding=\"async\" src=\"https:\/\/www.orderofmalta.int\/wp-content\/uploads\/2015\/11\/history_091.jpg\" alt=\"history_09\" width=\"800\" height=\"470\" class=\"alignleft size-full wp-image-82402\" \/>Unter der Leitung des Gro\u00dfmeisters Fra\u2019 Foulques de Villaret gehen die Ritter des Ordens vom Hl. Johannes 1307 auf Rhodos an Land. Nach vollst\u00e4ndiger Einnahme der Insel 1310 errichten sie dort ihren Sitz.<\/p>\n<p>Der Schutz der christlichen Welt erfordert jetzt eine starke Seestreitkraft. Der Orden baut eine m\u00e4chtige Flotte, mit der er das \u00f6stliche Mittelmeer kontrolliert und die sich in zahlreichen ruhmreichen Seeschlachten bew\u00e4hrt.<\/p>\n<p>Die durch p\u00e4pstliche Dekrete garantierte Unabh\u00e4ngigkeit des Ordens von anderen Staaten sowie das allgemein anerkannte Recht, bewaffnete Streitkr\u00e4fte zu unterhalten und Botschafter zu ernennen, bilden die Grundlage f\u00fcr seine internationale Souver\u00e4nit\u00e4t.<\/p>\n<p>Seit Beginn des 14. Jahrhunderts gliedern sich die Institutionen des Ordens und die Ritter, die aus ganz Europa nach Rhodos kommen, nach den gesprochenen Sprachen in Zungen. Zun\u00e4chst sind es sieben Zungen: Provence, Auvergne, Frankreich, Italien, Aragon (Navarra), England (mit Schottland und Irland) und Deutschland. Im Jahr 1462 wird eine achte Zunge gebildet, die von Kastilien und Portugal. Jede Zunge hatte Priorate oder Gro\u00dfpriorate, Balleien und Kommenden.<\/p>\n<p>Der Orden wird vom Gro\u00dfmeister (F\u00fcrst von Rhodos) und vom Rat regiert, pr\u00e4gt eigene M\u00fcnzen und unterh\u00e4lt diplomatische Beziehungen zu anderen Staaten. Die hohen \u00c4mter des Ordens werden den Vertretern der verschiedenen Zungen zugewiesen. Der Sitz des Ordens, der Konvent, wird von Religiosen unterschiedlicher Nationalit\u00e4t gebildet.<\/p>\n<p>Nach 6 Monaten Belagerung und schweren K\u00e4mpfen mit der m\u00e4chtigen Flotte und dem \u00fcberlegenen Heer von Sultan Suleiman dem Pr\u00e4chtigen, m\u00fcssen sich die Ordensritter im Jahr 1523 ergeben und die Insel Rhodos unter ehrenvollem Abzug r\u00e4umen.<\/p>\n<\/p><\/div>\n<\/p><\/div>\n<div id=\"81397\" class=\"panel \">\n<div class=\"panel-head\">\n                <a onClick=\"open_accordion(81397);\"><br \/>\n                  <b>1530 in Malta<\/b><br \/>\n                <\/a>\n              <\/div>\n<div class=\"panel-body\">\n<p><p><img loading=\"lazy\" decoding=\"async\" src=\"https:\/\/www.orderofmalta.int\/wp-content\/uploads\/2015\/11\/history_101.jpg\" alt=\"history_10\" width=\"800\" height=\"470\" class=\"alignleft size-full wp-image-82400\" \/>\u00dcber einige Jahre gebietet der Orden \u00fcber kein eigenes Territorium. Im Jahr 1530 nimmt der Gro\u00dfmeister Fra\u2019 Philippe de Villiers de l\u2019 Isle Adam die Insel Malta in Besitz, die Kaiser Karl V. mit Zustimmung von Papst Clemens VII. dem Orden \u00fcberl\u00e4sst. Dabei wird vereinbart, dass der Orden bei kriegerischen Auseinandersetzungen zwischen christlichen Nationen neutral bleibt.<\/p>\n<p>Im Jahr 1565 wehren die Ritter, unter der F\u00fchrung von Gro\u00dfmeister Fra\u2019 Jean de la Vallette, nach schweren K\u00e4mpfen, die gro\u00dfe osmanische Belagerung ab, die \u00fcber drei Monate gedauert hat.<\/p>\n<p>Nach diesem Sieg werden der Hafen und die Stadt ausgebaut, die nach dem Gro\u00dfmeister, ihrem Gr\u00fcnder,  La Valetta benannt wird. Die Ritter ver\u00e4ndern Malta durch  bedeutsame urbane Bauma\u00dfnahmen: Pal\u00e4ste und Kirchen werden gebaut, neue gewaltige Verteidigungsanlagen und G\u00e4rten werden angelegt. Architektur und Kunstm\u00e4zenatentum bl\u00fchen. Auf der Insel wird ein neues gro\u00dfes Hospital errichtet, das als eines der am besten organisierten und effizientesten der Welt gilt. Eine Anatomieschule wird eingerichtet, der eine medizinische Fakult\u00e4t folgt. Der Orden leistet einen bedeutsamen Beitrag zur Entwicklung insbesondere der Oftalmologie und Farmakologie.<\/p>\n<p>Daneben nimmt die Flotte des Malteserordens \u00fcber Jahrhunderte an allen wichtigen Operationen gegen die omanische Flotte und gegen die Piraten aus Nordafrika teil.<\/p>\n<\/p><\/div>\n<\/p><\/div>\n<div id=\"81399\" class=\"panel \">\n<div class=\"panel-head\">\n                <a onClick=\"open_accordion(81399);\"><br \/>\n                  <b>1571 Seeschlacht von Lepanto<\/b><br \/>\n                <\/a>\n              <\/div>\n<div class=\"panel-body\">\n<p><p><img loading=\"lazy\" decoding=\"async\" src=\"https:\/\/www.orderofmalta.int\/wp-content\/uploads\/2015\/12\/history_111.jpg\" alt=\"history_11\" width=\"800\" height=\"470\" class=\"alignleft size-full wp-image-89247\" \/>Die Flotte des Ordens nimmt 1571 an der Seeschlacht von Lepanto teil und tr\u00e4gt damit zum Sieg der christlichen Flotte bei, der die Ausweitung des osmanischen Reichs nach Europa verhindert.<\/p>\n<\/p><\/div>\n<\/p><\/div>\n<div id=\"81401\" class=\"panel \">\n<div class=\"panel-head\">\n                <a onClick=\"open_accordion(81401);\"><br \/>\n                  <b>1798 Schwierige Jahre<\/b><br \/>\n                <\/a>\n              <\/div>\n<div class=\"panel-body\">\n<p><p><img loading=\"lazy\" decoding=\"async\" src=\"https:\/\/www.orderofmalta.int\/wp-content\/uploads\/2015\/12\/history_12.jpg\" alt=\"history_12\" width=\"800\" height=\"470\" class=\"alignleft size-full wp-image-87854\" \/>Zwei Jahrhunderte sp\u00e4ter, im Jahr 1798, besetzt Napoleon Bonaparte, auf dem Weg nach \u00c4gypten, Malta wegen seiner strategischen Bedeutung. Die Ritter, durch die Ordensregel gebunden, die es ihnen untersagt, gegen Christen die Waffen zu erheben, sehen sich gen\u00f6tigt, die Insel zu verlassen. Der Vertrag von Amiens von 1802, mit dem die souver\u00e4nen Rechte des Ordens \u00fcber die Insel Malta ausdr\u00fccklich best\u00e4tigt wurden, kommt niemals zur Anwendung.<\/p>\n<\/p><\/div>\n<\/p><\/div>\n<div id=\"81403\" class=\"panel \">\n<div class=\"panel-head\">\n                <a onClick=\"open_accordion(81403);\"><br \/>\n                  <b>1834 Rom<\/b><br \/>\n                <\/a>\n              <\/div>\n<div class=\"panel-body\">\n<p><p><img loading=\"lazy\" decoding=\"async\" src=\"https:\/\/www.orderofmalta.int\/wp-content\/uploads\/2015\/11\/history_131.jpg\" alt=\"history_13\" width=\"800\" height=\"470\" class=\"alignleft size-full wp-image-82399\" \/>Nachdem sich der Orden vor\u00fcbergehend nach Messina, Catania und Ferrara zur\u00fcckgezogen hatte, l\u00e4sst er sich im Jahr 1834 endg\u00fcltig in Rom nieder, wo er unter dem Schutz der Exterritorialit\u00e4t den Magistralpalast und auf dem Aventin die Magistralvilla besitzt.<\/p>\n<\/p><\/div>\n<\/p><\/div>\n<div id=\"81405\" class=\"panel \">\n<div class=\"panel-head\">\n                <a onClick=\"open_accordion(81405);\"><br \/>\n                  <b>20. und 21. Jahrhundert<\/b><br \/>\n                <\/a>\n              <\/div>\n<div class=\"panel-body\">\n<p><p><img loading=\"lazy\" decoding=\"async\" src=\"https:\/\/www.orderofmalta.int\/wp-content\/uploads\/2015\/11\/history_141.jpg\" alt=\"history_14\" width=\"800\" height=\"470\" class=\"alignleft size-full wp-image-82397\" \/>In der zweiten H\u00e4lfte des 19. Jahrhunderts wird die urspr\u00fcngliche Mission, der Hospitaldienst,  nun wieder zur Hauptaufgabe des Ordens. Sie hat im Laufe des vergangenen Jahrhunderts durch die Aktivit\u00e4ten der Gro\u00dfpriorate und der Assoziationen in aller Welt eine beachtliche Ausweitung erfahren. W\u00e4hrend des Ersten und Zweiten Weltkrieges werden die karitativen Aufgaben und der Hospitaldienst unter der Leitung des Gro\u00dfmeisters Fra\u2019 Ludovico Chigi Albani della Rovere (1931-1951) intensiviert.<\/p>\n<p>Unter den Gro\u00dfmeistern Fra\u2019 Angelo de Mojana di Cologna (1962-1988) und Fra\u2019 Andrew Bertie (1988-2008), haben die Aktivit\u00e4ten eine beachtliche Ausweitung erfahren, bis in die entferntesten Regionen der Welt.<\/p>\n<p>Will man sich \u00fcber die heutigen Aktivit\u00e4ten des Ordens informieren, kann man auf die Seite \u201cMedizinische und humanit\u00e4re Aktivit\u00e4ten\u201d gehen.<\/p>\n<\/p><\/div>\n<\/p><\/div>\n<\/ul>\n","protected":false},"excerpt":{"rendered":"<p>960 Jahre Geschichte Die Gr\u00fcndung des Ordens geht auf das Jahr 1048 zur\u00fcck. Kaufleute aus der alten Seerepublik Amalfi erhielten damals vom Kalifen von \u00c4gypten die Genehmigung, in Jerusalem eine Kirche, ein Konvent und ein Hospital zu errichten, um Pilgern, ohne Unterschied des Glaubens und der Rasse, Schutz und Obdach gew\u00e4hren zu k\u00f6nnen. Der Orden [&hellip;]<\/p>\n","protected":false},"author":1,"featured_media":0,"parent":0,"menu_order":0,"comment_status":"closed","ping_status":"closed","template":"template-rsidebar.php","meta":{"inline_featured_image":false,"footnotes":"","_links_to":"","_links_to_target":""},"class_list":["post-612","page","type-page","status-publish","hentry"],"_links":{"self":[{"href":"https:\/\/ordredemaltesuisse.org\/de\/wp-json\/wp\/v2\/pages\/612","targetHints":{"allow":["GET"]}}],"collection":[{"href":"https:\/\/ordredemaltesuisse.org\/de\/wp-json\/wp\/v2\/pages"}],"about":[{"href":"https:\/\/ordredemaltesuisse.org\/de\/wp-json\/wp\/v2\/types\/page"}],"author":[{"embeddable":true,"href":"https:\/\/ordredemaltesuisse.org\/de\/wp-json\/wp\/v2\/users\/1"}],"replies":[{"embeddable":true,"href":"https:\/\/ordredemaltesuisse.org\/de\/wp-json\/wp\/v2\/comments?post=612"}],"version-history":[{"count":0,"href":"https:\/\/ordredemaltesuisse.org\/de\/wp-json\/wp\/v2\/pages\/612\/revisions"}],"wp:attachment":[{"href":"https:\/\/ordredemaltesuisse.org\/de\/wp-json\/wp\/v2\/media?parent=612"}],"curies":[{"name":"wp","href":"https:\/\/api.w.org\/{rel}","templated":true}]}}