{"id":613,"date":"2017-02-09T09:53:06","date_gmt":"2017-02-09T08:53:06","guid":{"rendered":"https:\/\/ordredemaltesuisse.org\/\/history\/"},"modified":"2017-05-31T11:02:25","modified_gmt":"2017-05-31T09:02:25","slug":"storia","status":"publish","type":"page","link":"https:\/\/ordredemaltesuisse.org\/it\/storia\/","title":{"rendered":"Storia"},"content":{"rendered":"<div class=\"main-block-wrapper clearfix\">\n<p><a class=\"img-link-wrapper\" href=\"dal-1048-al-giorno-doggi?lang=it\"><img decoding=\"async\" src=\"https:\/\/www.orderofmalta.int\/wp-content\/themes\/CalvalieriMalta\/images\/page-images\/history_00.jpg\" \/><\/a><\/p>\n<h5>Pi\u00f9 di 900 anni di storia<\/h5>\n<div>\n<p>La nascita dell\u2019Ordine di San Giovanni risale al 1048. Alcuni mercanti dell\u2019antica repubblica marinara di Amalfi ottengono dal Califfo d\u2019Egitto il permesso di costruire a Gerusalemme una chiesa, un convento e un ospedale nel quale assistere i pellegrini di ogni fede o razza.<\/p>\n<p>L\u2019Ordine di San Giovanni di Gerusalemme \u2013 la comunit\u00e0 monastica dedita alla gestione dell\u2019ospedale per l\u2019assistenza dei pellegrini in Terra Santa \u2013 diviene indipendente sotto la guida del suo fondatore il Beato Gerardo. Con la bolla del 15 febbraio 1113, Papa Pasquale II pone l\u2019ospedale di San Giovanni sotto la tutela della Chiesa, con diritto di eleggere liberamente i suoi superiori, senza interferenza da parte di altre autorit\u00e0 laiche o religiose. In virt\u00f9 di tale bolla, l\u2019Ospedale diviene un ordine religioso laicale. Tutti i cavalieri erano religiosi, legati dai tre voti monastici, di povert\u00e0, castit\u00e0 e obbedienza.<\/p>\n<p>La costituzione del Regno di Gerusalemme costringe l\u2019Ordine ad assumere la difesa militare dei malati e dei pellegrini e a proteggere i propri centri medici e le strade principali. Alla missione ospedaliera l\u2019Ordine aggiunge la difesa della fede. In seguito, l\u2019Ordine adotta la bianca Croce Ottagona, che ancora oggi \u00e8 il suo simbolo.<\/p>\n<\/div>\n<\/div>\n<p>&nbsp;<\/p>\n<p>&nbsp;<\/p>\n<ul class=\"clearfix\">\n<div id=\"81319\" class=\"panel \">\n<div class=\"panel-head\">\n                <a onClick=\"open_accordion(81319);\"><br \/>\n                  <b>1048 Gerusalemme<\/b><br \/>\n                <\/a>\n              <\/div>\n<div class=\"panel-body\">\n<p><p><img loading=\"lazy\" decoding=\"async\" src=\"https:\/\/www.orderofmalta.int\/wp-content\/uploads\/2015\/11\/history_1048_051.jpg\" alt=\"history_1048_05\" width=\"800\" height=\"470\" class=\"alignleft size-full wp-image-82398\" \/>La nascita dell\u2019Ordine di San Giovanni risale al 1048. Alcuni mercanti dell\u2019antica repubblica marinara di Amalfi ottengono dal Califfo d\u2019Egitto il permesso di costruire a Gerusalemme una chiesa, un convento e un ospedale nel quale assistere i pellegrini di ogni fede o razza.<\/p>\n<p>L\u2019Ordine di San Giovanni di Gerusalemme \u2013 la comunit\u00e0 monastica dedita alla gestione dell\u2019ospedale per l\u2019assistenza dei pellegrini in Terra Santa \u2013 diviene indipendente sotto la guida del suo fondatore il Beato Gerardo. Con la bolla del 15 febbraio 1113, Papa Pasquale II pone l\u2019ospedale di San Giovanni sotto la tutela della Chiesa, con diritto di eleggere liberamente i suoi superiori, senza interferenza da parte di altre autorit\u00e0 laiche o religiose.<\/p>\n<p>In virt\u00f9 di tale bolla, l\u2019Ospedale diviene un ordine religioso laicale. Tutti i cavalieri erano religiosi, legati dai tre voti monastici, di povert\u00e0, castit\u00e0 e obbedienza.<\/p>\n<p>La costituzione del Regno di Gerusalemme costringe l\u2019Ordine ad assumere la difesa militare dei malati e dei pellegrini e a proteggere i propri centri medici e le strade principali. Alla missione ospedaliera l\u2019Ordine aggiunge la difesa della fede.<\/p>\n<p>In seguito, l\u2019Ordine adotta la bianca Croce Ottagona, che ancora oggi \u00e8 il suo simbolo.<\/p>\n<\/p><\/div>\n<\/p><\/div>\n<div id=\"81322\" class=\"panel \">\n<div class=\"panel-head\">\n                <a onClick=\"open_accordion(81322);\"><br \/>\n                  <b>1291 Cipro<\/b><br \/>\n                <\/a>\n              <\/div>\n<div class=\"panel-body\">\n<p><p><img loading=\"lazy\" decoding=\"async\" src=\"https:\/\/www.orderofmalta.int\/wp-content\/uploads\/2015\/11\/history_081.jpg\" alt=\"history_08\" width=\"800\" height=\"470\" class=\"alignleft size-full wp-image-82401\" \/>Nel 1291 dopo la caduta di San Giovanni d\u2019Acri e la perdita della Terra Santa l\u2019Ordine Ospedaliero di San Giovanni trasferisce la sua sede e l\u2019ospedale a Limassol sull\u2019isola di Cipro, dove era gi\u00e0 presente dal 1210 grazie alla concessione di importanti propriet\u00e0, privilegi e diritti commerciali.<\/p>\n<p>Qui, fedele alla sua missione ospedaliera, continua a costruire nuovi ospedali e, beneficiando della posizione strategica dell\u2019isola, da vita ad una flotta navale con cui protegge i pellegrini sulle rotte per la Terra Santa. <\/p>\n<p>Il numero di membri provenienti da tutta Europa continua a crescere e contribuisce al rafforzamento della struttura dell\u2019Ordine, che acquisisce nuovi possedimenti sulle rive del Mediterraneo. Tra questi, l\u2019importante porto di Famagosta, la citt\u00e0 di Nicosia e numerose Commende.<\/p>\n<p>La progressiva instabilit\u00e0 di Cipro, che impediva la loro espansione sull\u2019isola, spinge gli Ospedalieri a prendere in considerazione l\u2019isola di Rodi quale sede pi\u00f9 idonea per l\u2019Ordine di San Giovanni.<\/p>\n<p>Luogotenenti magistrali continuano comunque ad essere presenti a Cipro per governare Priorati e Commende (ne risultano pi\u00f9 di 60 nel 1374) per un altro secolo, fino alla met\u00e0 del quindicesimo secolo, quando i cavalieri vengono richiamati alla sede conventuale di Rodi.<\/p>\n<\/p><\/div>\n<\/p><\/div>\n<div id=\"81325\" class=\"panel \">\n<div class=\"panel-head\">\n                <a onClick=\"open_accordion(81325);\"><br \/>\n                  <b>1310 Rodi<\/b><br \/>\n                <\/a>\n              <\/div>\n<div class=\"panel-body\">\n<p><p><img loading=\"lazy\" decoding=\"async\" src=\"https:\/\/www.orderofmalta.int\/wp-content\/uploads\/2015\/11\/history_091.jpg\" alt=\"history_09\" width=\"800\" height=\"470\" class=\"alignleft size-full wp-image-82402\" \/>Sotto la guida del Gran Maestro Fra\u2019 Foulques de Villaret, nel 1307 i cavalieri dell\u2019Ordine di San Giovanni sbarcano a Rodi. Dopo aver completato l\u2019acquisizione dell\u2019isola nel 1310, vi trasferiscono la loro sede.<\/p>\n<p>Da quel momento la difesa del mondo cristiano richiede una forza navale e l\u2019Ordine costruisce una potente flotta con cui solca i mari orientali, impegnandosi in numerose e celebri battaglie.<\/p>\n<p>L\u2019indipendenza dell\u2019Ordine dagli altri Stati, in virt\u00f9 di atti pontifici, con il diritto universalmente riconosciuto di mantenere ed impegnare forze armate e di nominare ambasciatori, costituisce la base della sua sovranit\u00e0 internazionale.<\/p>\n<p>Fin dall\u2019inizio del quattordicesimo secolo le istituzioni dell\u2019Ordine e i cavalieri che giungevano a Rodi da ogni parte d\u2019Europa si riuniscono in base alla lingua parlata. Dapprima le Lingue erano sette: Provenza, Alvernia, Francia, Italia, Aragona (Navarra), Inghilterra (con Scozia e Irlanda) e Germania. Nel 1462 viene costituita l\u2019ottava Lingua, quella di Castiglia e Portogallo. Ogni Lingua comprendeva Priorati o Gran Priorati, Baliaggi e Commende.<\/p>\n<p>L\u2019Ordine era governato dal Gran Maestro (Principe di Rodi) e dal Consiglio, batteva moneta e intratteneva rapporti diplomatici con gli altri Stati. Le alte cariche dell\u2019Ordine venivano attribuite ai rappresentanti delle diverse Lingue. La sede dell\u2019Ordine, il Convento, era composto da religiosi di diversa nazionalit\u00e0.<\/p>\n<p>Dopo sei mesi di assedio e di cruenti combattimenti con la flotta e l\u2019esercito del Sultano Solimano il Magnifico, nel 1523 i cavalieri sono costretti ad arrendersi e ad abbandonare con gli onori militari l\u2019isola di Rodi.<\/p>\n<\/p><\/div>\n<\/p><\/div>\n<div id=\"81329\" class=\"panel \">\n<div class=\"panel-head\">\n                <a onClick=\"open_accordion(81329);\"><br \/>\n                  <b>1530 Malta<\/b><br \/>\n                <\/a>\n              <\/div>\n<div class=\"panel-body\">\n<p><p><img loading=\"lazy\" decoding=\"async\" src=\"https:\/\/www.orderofmalta.int\/wp-content\/uploads\/2015\/11\/history_101.jpg\" alt=\"history_10\" width=\"800\" height=\"470\" class=\"alignleft size-full wp-image-82400\" \/>L\u2019Ordine rimane senza un territorio per alcuni anni, fino a quando nel 1530 il Gran Maestro Fra\u2019 Philippe de Villiers de l\u2019Isle Adam prende possesso dell\u2019isola di Malta, ceduta all\u2019Ordine dall\u2019Imperatore Carlo V con l\u2019approvazione di Papa Clemente VII. Viene stabilito che l\u2019Ordine sarebbe rimasto neutrale nelle guerre tra nazioni cristiane.<\/p>\n<p>Nel 1565 i cavalieri, guidati dal Gran Maestro Fra\u2019 Jean de la Vallette, difendono l\u2019isola per pi\u00f9 di tre mesi durante il Grande Assedio degli Ottomani.<\/p>\n<p>A seguito di questa vittoria vengono costruiti la citt\u00e0 ed il porto di La Valletta, che prende il nome dal Gran Maestro, suo fondatore. I cavalieri trasformano Malta con importanti progetti di edilizia urbana: vengono costruiti palazzi e chiese, nuovi formidabili bastioni di difesa e giardini. Fiorisce l\u2019architettura ed il mecenatismo artistico. Nell\u2019isola viene edificato un nuovo grande ospedale, considerato uno dei pi\u00f9 organizzati e pi\u00f9 efficace nel mondo. Viene istituita una scuola di anatomia, a cui fa seguito la facolt\u00e0 di medicina. <\/p>\n<p>L\u2019Ordine contribuisce allo sviluppo in particolare dell\u2019oftalmologia e della farmacologia.<br \/>\nOltre a queste attivit\u00e0, per secoli la flotta dell\u2019Ordine di Malta prende parte alle manovre pi\u00f9 importanti del Mediterraneo contro la flotta ottomana e contro i pirati del Nord Africa.<\/p>\n<\/p><\/div>\n<\/p><\/div>\n<div id=\"81333\" class=\"panel \">\n<div class=\"panel-head\">\n                <a onClick=\"open_accordion(81333);\"><br \/>\n                  <b>1571 la battaglia di Lepanto<\/b><br \/>\n                <\/a>\n              <\/div>\n<div class=\"panel-body\">\n<p><p><img loading=\"lazy\" decoding=\"async\" src=\"https:\/\/www.orderofmalta.int\/wp-content\/uploads\/2015\/12\/history_111.jpg\" alt=\"history_11\" width=\"800\" height=\"470\" class=\"alignleft size-full wp-image-89247\" \/>La flotta dell\u2019Ordine prende parte nel 1571 alla battaglia di Lepanto, contribuendo alla vittoria della flotta cristiana che interrompe l\u2019espansione ottomana in Europa.<\/p>\n<\/p><\/div>\n<\/p><\/div>\n<div id=\"81335\" class=\"panel \">\n<div class=\"panel-head\">\n                <a onClick=\"open_accordion(81335);\"><br \/>\n                  <b>1798 anni difficili<\/b><br \/>\n                <\/a>\n              <\/div>\n<div class=\"panel-body\">\n<p><p><img loading=\"lazy\" decoding=\"async\" src=\"https:\/\/www.orderofmalta.int\/wp-content\/uploads\/2015\/12\/history_12.jpg\" alt=\"history_12\" width=\"800\" height=\"470\" class=\"alignleft size-full wp-image-87854\" \/>Due secoli dopo, durante la campagna d\u2019Egitto del 1798, Napoleone Bonaparte occupa Malta per il suo valore strategico. I cavalieri sono costretti ad abbandonare l\u2019isola, anche a causa della Regola dell\u2019Ordine che impediva loro di alzare le armi contro altri cristiani. Il Trattato di Amiens del 1802, che riaffermava i diritti sovrani dell\u2019Ordine sull\u2019isola di Malta, non venne mai applicato.<\/p>\n<\/p><\/div>\n<\/p><\/div>\n<div id=\"81337\" class=\"panel \">\n<div class=\"panel-head\">\n                <a onClick=\"open_accordion(81337);\"><br \/>\n                  <b>1834 Roma<\/b><br \/>\n                <\/a>\n              <\/div>\n<div class=\"panel-body\">\n<p><p><img loading=\"lazy\" decoding=\"async\" src=\"https:\/\/www.orderofmalta.int\/wp-content\/uploads\/2015\/11\/history_131.jpg\" alt=\"history_13\" width=\"800\" height=\"470\" class=\"alignleft size-full wp-image-82399\" \/>Dopo essersi trasferito temporaneamente a Messina, a Catania e a Ferrara, nel 1834 l\u2019Ordine si stabilisce definitivamente a Roma dove possiede, garantiti da extraterritorialit\u00e0, il Palazzo Magistrale e la Villa Magistrale sul colle Aventino.<\/p>\n<\/p><\/div>\n<\/p><\/div>\n<div id=\"81339\" class=\"panel \">\n<div class=\"panel-head\">\n                <a onClick=\"open_accordion(81339);\"><br \/>\n                  <b>Il 20\u00b0 e il 21\u00b0 secolo<\/b><br \/>\n                <\/a>\n              <\/div>\n<div class=\"panel-body\">\n<p><p><img loading=\"lazy\" decoding=\"async\" src=\"https:\/\/www.orderofmalta.int\/wp-content\/uploads\/2015\/11\/history_141.jpg\" alt=\"history_14\" width=\"800\" height=\"470\" class=\"alignleft size-full wp-image-82397\" \/>Nella seconda parte del 19\u00b0 secolo la missione originaria dell\u2019assistenza ospedaliera ritorna ad essere l\u2019attivit\u00e0 principale dell\u2019Ordine, che si intensifica nel corso dell\u2019ultimo secolo, grazie al contributo delle attivit\u00e0 dei Gran Priorati e delle Associazioni Nazionali presenti in numerosi paesi del mondo. Le attivit\u00e0 ospedaliere e di assistenza vengono svolte su larga scala durante la Prima Guerra Mondiale e durante la Seconda sotto il Gran Maestro Fra\u2019 Ludovico Chigi Albani della Rovere (1931-1951).<\/p>\n<p>Sotto i Gran Maestri Fra\u2019 Angelo de Mojana di Cologna (1962-1988) e Fra\u2019 Andrew Bertie (1988-2008), i progetti si intensificano ulteriormente fino a raggiungere le regioni pi\u00f9 remote del mondo.<\/p>\n<p>Per conoscere le attivit\u00e0 odierne dell\u2019Ordine \u00e8 possibile visitare la sezione Attivit\u00e0 mediche ed umanitarie di questo sito.<\/p>\n<\/p><\/div>\n<\/p><\/div>\n<\/ul>\n","protected":false},"excerpt":{"rendered":"<p>Pi\u00f9 di 900 anni di storia La nascita dell\u2019Ordine di San Giovanni risale al 1048. Alcuni mercanti dell\u2019antica repubblica marinara di Amalfi ottengono dal Califfo d\u2019Egitto il permesso di costruire a Gerusalemme una chiesa, un convento e un ospedale nel quale assistere i pellegrini di ogni fede o razza. L\u2019Ordine di San Giovanni di Gerusalemme [&hellip;]<\/p>\n","protected":false},"author":1,"featured_media":0,"parent":0,"menu_order":0,"comment_status":"closed","ping_status":"closed","template":"template-rsidebar.php","meta":{"inline_featured_image":false,"footnotes":"","_links_to":"","_links_to_target":""},"class_list":["post-613","page","type-page","status-publish","hentry"],"_links":{"self":[{"href":"https:\/\/ordredemaltesuisse.org\/it\/wp-json\/wp\/v2\/pages\/613","targetHints":{"allow":["GET"]}}],"collection":[{"href":"https:\/\/ordredemaltesuisse.org\/it\/wp-json\/wp\/v2\/pages"}],"about":[{"href":"https:\/\/ordredemaltesuisse.org\/it\/wp-json\/wp\/v2\/types\/page"}],"author":[{"embeddable":true,"href":"https:\/\/ordredemaltesuisse.org\/it\/wp-json\/wp\/v2\/users\/1"}],"replies":[{"embeddable":true,"href":"https:\/\/ordredemaltesuisse.org\/it\/wp-json\/wp\/v2\/comments?post=613"}],"version-history":[{"count":0,"href":"https:\/\/ordredemaltesuisse.org\/it\/wp-json\/wp\/v2\/pages\/613\/revisions"}],"wp:attachment":[{"href":"https:\/\/ordredemaltesuisse.org\/it\/wp-json\/wp\/v2\/media?parent=613"}],"curies":[{"name":"wp","href":"https:\/\/api.w.org\/{rel}","templated":true}]}}